{"id":386,"date":"2014-10-14T20:23:14","date_gmt":"2014-10-14T18:23:14","guid":{"rendered":"http:\/\/fabeventslab.com\/?page_id=386"},"modified":"2023-01-27T19:24:09","modified_gmt":"2023-01-27T17:24:09","slug":"contacto-organizacion-eventos-bodas-mallorca","status":"publish","type":"page","link":"https:\/\/fabeventslab.com\/es\/contacto-organizacion-eventos-bodas-mallorca\/","title":{"rendered":"Contacto"},"content":{"rendered":"<div class=\"wpb-content-wrapper\"><p>[vc_row full_width=\u00bbstretch_row\u00bb full_height=\u00bbyes\u00bb css=\u00bb.vc_custom_1569144142924{background-image: url(https:\/\/fabeventslab.com\/wp-content\/uploads\/2019\/09\/Contact-Wedding-Planner-Mallorca.jpg?id=4481) !important;background-position: center !important;background-repeat: no-repeat !important;background-size: cover !important;}\u00bb][vc_column][\/vc_column][\/vc_row][vc_row][vc_column][vc_column_text]\u00bfEst\u00e1s pensando celebrar tu boda en Mallorca? \u00a1Podemos ayudarte!<\/p>\n<p>En FAB events LAB estamos a tu disposici\u00f3n siempre que lo necesites.<\/p>\n<p>Tel\u00e9fono: +34\u00a0971 14 26 35<\/p>\n<p>e-mail: <a href=\"mailto:hello@fabeventslab.com\">hello@fabeventslab.com<\/a><\/p>\n<p>Mallorca, Spain<\/p>\n<p>&nbsp;<\/p>\n<h3 style=\"text-align: center;\"><strong>Formulario de contacto:<\/strong><\/h3>\n<p style=\"text-align: center;\">\n<div class=\"wpcf7 no-js\" id=\"wpcf7-f390-o1\" lang=\"es-ES\" dir=\"ltr\" data-wpcf7-id=\"390\">\n<div class=\"screen-reader-response\"><p role=\"status\" aria-live=\"polite\" aria-atomic=\"true\"><\/p> <ul><\/ul><\/div>\n<form action=\"\/es\/wp-json\/wp\/v2\/pages\/386#wpcf7-f390-o1\" method=\"post\" class=\"wpcf7-form init\" aria-label=\"Formulario de contacto\" novalidate=\"novalidate\" data-status=\"init\">\n<fieldset class=\"hidden-fields-container\"><input type=\"hidden\" name=\"_wpcf7\" value=\"390\" \/><input type=\"hidden\" name=\"_wpcf7_version\" value=\"6.1.5\" \/><input type=\"hidden\" name=\"_wpcf7_locale\" value=\"es_ES\" \/><input type=\"hidden\" name=\"_wpcf7_unit_tag\" value=\"wpcf7-f390-o1\" \/><input type=\"hidden\" name=\"_wpcf7_container_post\" value=\"0\" \/><input type=\"hidden\" name=\"_wpcf7_posted_data_hash\" value=\"\" \/><input type=\"hidden\" name=\"_wpcf7_recaptcha_response\" value=\"\" \/>\n<\/fieldset>\n<p class=\"ozy-half-input\">Asunto (requerido)\n<\/p>\n<p><span class=\"wpcf7-form-control-wrap\" data-name=\"your-subject\"><input size=\"40\" maxlength=\"400\" class=\"wpcf7-form-control wpcf7-text wpcf7-validates-as-required\" aria-required=\"true\" aria-invalid=\"false\" value=\"\" type=\"text\" name=\"your-subject\" \/><\/span>\n<\/p>\n<p class=\"ozy-half-input-last\">Su nombre (requerido)\n<\/p>\n<p><span class=\"wpcf7-form-control-wrap\" data-name=\"your-name\"><input size=\"40\" maxlength=\"400\" class=\"wpcf7-form-control wpcf7-text wpcf7-validates-as-required\" aria-required=\"true\" aria-invalid=\"false\" value=\"\" type=\"text\" name=\"your-name\" \/><\/span>\n<\/p>\n<p class=\"ozy-half-input\">Su e-mail (requerido)\n<\/p>\n<p><span class=\"wpcf7-form-control-wrap\" data-name=\"your-email\"><input size=\"40\" maxlength=\"400\" class=\"wpcf7-form-control wpcf7-email wpcf7-validates-as-required wpcf7-text wpcf7-validates-as-email\" aria-required=\"true\" aria-invalid=\"false\" value=\"\" type=\"email\" name=\"your-email\" \/><\/span>\n<\/p>\n<p class=\"ozy-half-input-last\">Su tel\u00e9fono\n<\/p>\n<p><span class=\"wpcf7-form-control-wrap\" data-name=\"YourPhone\"><input size=\"40\" maxlength=\"400\" class=\"wpcf7-form-control wpcf7-text\" aria-invalid=\"false\" value=\"\" type=\"text\" name=\"YourPhone\" \/><\/span>\n<\/p>\n<p class=\"ozy-half-input\">Fecha de la boda o del evento\n<\/p>\n<p><span class=\"wpcf7-form-control-wrap\" data-name=\"WeddingorEventDate\"><input size=\"40\" maxlength=\"400\" class=\"wpcf7-form-control wpcf7-text\" aria-invalid=\"false\" value=\"\" type=\"text\" name=\"WeddingorEventDate\" \/><\/span>\n<\/p>\n<p class=\"ozy-half-input-last\">N\u00famero aproximado de invitados\n<\/p>\n<p><span class=\"wpcf7-form-control-wrap\" data-name=\"ApproximateNumberofGuests\"><input size=\"40\" maxlength=\"400\" class=\"wpcf7-form-control wpcf7-text\" aria-invalid=\"false\" value=\"\" type=\"text\" name=\"ApproximateNumberofGuests\" \/><\/span>\n<\/p>\n<p class=\"ozy-half-input\">Tipo de ceremonia (religiosa, simb\u00f3lica, otro tipo)\n<\/p>\n<p><span class=\"wpcf7-form-control-wrap\" data-name=\"TypeofCeremonychurchseasidecountrysideother\"><input size=\"40\" maxlength=\"400\" class=\"wpcf7-form-control wpcf7-text\" aria-invalid=\"false\" value=\"\" type=\"text\" name=\"TypeofCeremonychurchseasidecountrysideother\" \/><\/span>\n<\/p>\n<p class=\"ozy-half-input-last\">\u00bfC\u00f3mo nos ha encontrado?\n<\/p>\n<p><span class=\"wpcf7-form-control-wrap\" data-name=\"you-found\"><input size=\"40\" maxlength=\"400\" class=\"wpcf7-form-control wpcf7-text\" aria-invalid=\"false\" value=\"\" type=\"text\" name=\"you-found\" \/><\/span>\n<\/p>\n<p class=\"ozy-full-input\">Su mensaje\n<\/p>\n<p><span class=\"wpcf7-form-control-wrap\" data-name=\"your-message\"><textarea cols=\"40\" rows=\"10\" maxlength=\"2000\" class=\"wpcf7-form-control wpcf7-textarea\" aria-invalid=\"false\" name=\"your-message\"><\/textarea><\/span>\n<\/p>\n<p class=\"ozy-full-input-center\"><input class=\"wpcf7-form-control wpcf7-submit has-spinner\" type=\"submit\" value=\"ENVIAR\" \/>\n<\/p><div class=\"wpcf7-response-output\" aria-hidden=\"true\"><\/div>\n<\/form>\n<\/div>\n<p style=\"text-align: center;\">Tu informaci\u00f3n de contacto es confidencial y nunca ser\u00e1 transmitida a terceros. Si dispones de un mejor horario en el que podamos llamarte, ind\u00edcanoslo en el mensaje. Si prefieres una respuesta por correo electr\u00f3nico, comunicanoslo.<\/p>\n<p>[\/vc_column_text][\/vc_column][\/vc_row]<\/p>\n<\/div>","protected":false},"excerpt":{"rendered":"<p>[vc_row full_width=\u00bbstretch_row\u00bb full_height=\u00bbyes\u00bb css=\u00bb.vc_custom_1569144142924{background-image: url(https:\/\/fabeventslab.com\/wp-content\/uploads\/2019\/09\/Contact-Wedding-Planner-Mallorca.jpg?id=4481) !important;background-position: center !important;background-repeat: no-repeat !important;background-size: cover !important;}\u00bb][vc_column][\/vc_column][\/vc_row][vc_row][vc_column][vc_column_text]\u00bfEst\u00e1s pensando celebrar tu boda en Mallorca? \u00a1Podemos ayudarte! En FAB events LAB estamos a tu disposici\u00f3n siempre que [&hellip;]<\/p>\n","protected":false},"author":3,"featured_media":0,"parent":0,"menu_order":0,"comment_status":"closed","ping_status":"closed","template":"","meta":{"_monsterinsights_skip_tracking":false,"_monsterinsights_sitenote_active":false,"_monsterinsights_sitenote_note":"","_monsterinsights_sitenote_category":0,"footnotes":""},"class_list":["post-386","page","type-page","status-publish","hentry"],"yoast_head":"<!-- This site is optimized with the Yoast SEO plugin v27.5 - https:\/\/yoast.com\/product\/yoast-seo-wordpress\/ -->\n<title>Creaci\u00f3n de Eventos &amp; Bodas inolvidables en Mallorca |<\/title>\n<meta name=\"description\" content=\"\u00bfEst\u00e1 pensando celebrar su boda, un evento inolvidable, una reuni\u00f3n o un acto de empresa en Mallorca? \u00a1Podemos ayudarle! Organizamos bodas de ensue\u00f1o,\" \/>\n<meta name=\"robots\" content=\"index, follow, max-snippet:-1, max-image-preview:large, max-video-preview:-1\" \/>\n<link rel=\"canonical\" href=\"https:\/\/fabeventslab.com\/es\/contacto-organizacion-eventos-bodas-mallorca\/\" \/>\n<meta property=\"og:locale\" content=\"es_ES\" \/>\n<meta property=\"og:type\" content=\"article\" \/>\n<meta property=\"og:title\" content=\"Creaci\u00f3n de Eventos &amp; Bodas inolvidables en Mallorca |\" \/>\n<meta property=\"og:description\" content=\"\u00bfEst\u00e1 pensando celebrar su boda, un evento inolvidable, una reuni\u00f3n o un acto de empresa en Mallorca? \u00a1Podemos ayudarle! Organizamos bodas de ensue\u00f1o,\" \/>\n<meta property=\"og:url\" content=\"https:\/\/fabeventslab.com\/es\/contacto-organizacion-eventos-bodas-mallorca\/\" \/>\n<meta property=\"og:site_name\" content=\"FAB events LAB\" \/>\n<meta property=\"article:publisher\" content=\"https:\/\/www.facebook.com\/event.wedding.planners.mallorca\" \/>\n<meta property=\"article:modified_time\" content=\"2023-01-27T17:24:09+00:00\" \/>\n<meta property=\"og:image\" content=\"https:\/\/fabeventslab.com\/wp-content\/uploads\/2023\/02\/wedding-planner-mallorca-fabeventslab.jpg\" \/>\n\t<meta property=\"og:image:width\" content=\"2000\" \/>\n\t<meta property=\"og:image:height\" content=\"1330\" \/>\n\t<meta property=\"og:image:type\" content=\"image\/jpeg\" \/>\n<meta name=\"twitter:card\" content=\"summary_large_image\" \/>\n<meta name=\"twitter:site\" content=\"@FABweddingsLAB\" \/>\n<meta name=\"twitter:label1\" content=\"Tiempo de lectura\" \/>\n\t<meta name=\"twitter:data1\" content=\"1 minuto\" \/>\n<script type=\"application\/ld+json\" class=\"yoast-schema-graph\">{\"@context\":\"https:\\\/\\\/schema.org\",\"@graph\":[{\"@type\":\"WebPage\",\"@id\":\"https:\\\/\\\/fabeventslab.com\\\/es\\\/contacto-organizacion-eventos-bodas-mallorca\\\/\",\"url\":\"https:\\\/\\\/fabeventslab.com\\\/es\\\/contacto-organizacion-eventos-bodas-mallorca\\\/\",\"name\":\"Creaci\u00f3n de Eventos & Bodas inolvidables en Mallorca |\",\"isPartOf\":{\"@id\":\"https:\\\/\\\/fabeventslab.com\\\/#website\"},\"datePublished\":\"2014-10-14T18:23:14+00:00\",\"dateModified\":\"2023-01-27T17:24:09+00:00\",\"description\":\"\u00bfEst\u00e1 pensando celebrar su boda, un evento inolvidable, una reuni\u00f3n o un acto de empresa en Mallorca? \u00a1Podemos ayudarle! Organizamos bodas de ensue\u00f1o,\",\"breadcrumb\":{\"@id\":\"https:\\\/\\\/fabeventslab.com\\\/es\\\/contacto-organizacion-eventos-bodas-mallorca\\\/#breadcrumb\"},\"inLanguage\":\"es\",\"potentialAction\":[{\"@type\":\"ReadAction\",\"target\":[\"https:\\\/\\\/fabeventslab.com\\\/es\\\/contacto-organizacion-eventos-bodas-mallorca\\\/\"]}]},{\"@type\":\"BreadcrumbList\",\"@id\":\"https:\\\/\\\/fabeventslab.com\\\/es\\\/contacto-organizacion-eventos-bodas-mallorca\\\/#breadcrumb\",\"itemListElement\":[{\"@type\":\"ListItem\",\"position\":1,\"name\":\"Home\",\"item\":\"https:\\\/\\\/fabeventslab.com\\\/es\\\/\"},{\"@type\":\"ListItem\",\"position\":2,\"name\":\"Contacto\"}]},{\"@type\":\"WebSite\",\"@id\":\"https:\\\/\\\/fabeventslab.com\\\/#website\",\"url\":\"https:\\\/\\\/fabeventslab.com\\\/\",\"name\":\"FAB events LAB\",\"description\":\"Wedding Planner in Mallorca\",\"publisher\":{\"@id\":\"https:\\\/\\\/fabeventslab.com\\\/#organization\"},\"potentialAction\":[{\"@type\":\"SearchAction\",\"target\":{\"@type\":\"EntryPoint\",\"urlTemplate\":\"https:\\\/\\\/fabeventslab.com\\\/?s={search_term_string}\"},\"query-input\":{\"@type\":\"PropertyValueSpecification\",\"valueRequired\":true,\"valueName\":\"search_term_string\"}}],\"inLanguage\":\"es\"},{\"@type\":\"Organization\",\"@id\":\"https:\\\/\\\/fabeventslab.com\\\/#organization\",\"name\":\"FAB events LAB Wedding Planner Mallorca\",\"alternateName\":\"FAB events LAB\",\"url\":\"https:\\\/\\\/fabeventslab.com\\\/\",\"logo\":{\"@type\":\"ImageObject\",\"inLanguage\":\"es\",\"@id\":\"https:\\\/\\\/fabeventslab.com\\\/#\\\/schema\\\/logo\\\/image\\\/\",\"url\":\"https:\\\/\\\/fabeventslab.com\\\/wp-content\\\/uploads\\\/2017\\\/05\\\/FAB-events-LAB-Wedding-Planner-Mallorca-3-Kopie.png\",\"contentUrl\":\"https:\\\/\\\/fabeventslab.com\\\/wp-content\\\/uploads\\\/2017\\\/05\\\/FAB-events-LAB-Wedding-Planner-Mallorca-3-Kopie.png\",\"width\":\"224\",\"height\":\"220\",\"caption\":\"FAB events LAB Wedding Planner Mallorca\"},\"image\":{\"@id\":\"https:\\\/\\\/fabeventslab.com\\\/#\\\/schema\\\/logo\\\/image\\\/\"},\"sameAs\":[\"https:\\\/\\\/www.facebook.com\\\/event.wedding.planners.mallorca\",\"https:\\\/\\\/x.com\\\/FABweddingsLAB\",\"https:\\\/\\\/www.instagram.com\\\/fab_events_lab\\\/\",\"https:\\\/\\\/www.linkedin.com\\\/company\\\/fab-events-lab\",\"https:\\\/\\\/es.pinterest.com\\\/mallorcaevents\\\/\",\"https:\\\/\\\/www.youtube.com\\\/channel\\\/UC-9PwyQerpHS3ULinxpawBA\"]}]}<\/script>\n<!-- \/ Yoast SEO plugin. -->","yoast_head_json":{"title":"Creaci\u00f3n de Eventos & Bodas inolvidables en Mallorca |","description":"\u00bfEst\u00e1 pensando celebrar su boda, un evento inolvidable, una reuni\u00f3n o un acto de empresa en Mallorca? \u00a1Podemos ayudarle! Organizamos bodas de ensue\u00f1o,","robots":{"index":"index","follow":"follow","max-snippet":"max-snippet:-1","max-image-preview":"max-image-preview:large","max-video-preview":"max-video-preview:-1"},"canonical":"https:\/\/fabeventslab.com\/es\/contacto-organizacion-eventos-bodas-mallorca\/","og_locale":"es_ES","og_type":"article","og_title":"Creaci\u00f3n de Eventos & Bodas inolvidables en Mallorca |","og_description":"\u00bfEst\u00e1 pensando celebrar su boda, un evento inolvidable, una reuni\u00f3n o un acto de empresa en Mallorca? \u00a1Podemos ayudarle! Organizamos bodas de ensue\u00f1o,","og_url":"https:\/\/fabeventslab.com\/es\/contacto-organizacion-eventos-bodas-mallorca\/","og_site_name":"FAB events LAB","article_publisher":"https:\/\/www.facebook.com\/event.wedding.planners.mallorca","article_modified_time":"2023-01-27T17:24:09+00:00","og_image":[{"width":2000,"height":1330,"url":"https:\/\/fabeventslab.com\/wp-content\/uploads\/2023\/02\/wedding-planner-mallorca-fabeventslab.jpg","type":"image\/jpeg"}],"twitter_card":"summary_large_image","twitter_site":"@FABweddingsLAB","twitter_misc":{"Tiempo de lectura":"1 minuto"},"schema":{"@context":"https:\/\/schema.org","@graph":[{"@type":"WebPage","@id":"https:\/\/fabeventslab.com\/es\/contacto-organizacion-eventos-bodas-mallorca\/","url":"https:\/\/fabeventslab.com\/es\/contacto-organizacion-eventos-bodas-mallorca\/","name":"Creaci\u00f3n de Eventos & Bodas inolvidables en Mallorca |","isPartOf":{"@id":"https:\/\/fabeventslab.com\/#website"},"datePublished":"2014-10-14T18:23:14+00:00","dateModified":"2023-01-27T17:24:09+00:00","description":"\u00bfEst\u00e1 pensando celebrar su boda, un evento inolvidable, una reuni\u00f3n o un acto de empresa en Mallorca? \u00a1Podemos ayudarle! Organizamos bodas de ensue\u00f1o,","breadcrumb":{"@id":"https:\/\/fabeventslab.com\/es\/contacto-organizacion-eventos-bodas-mallorca\/#breadcrumb"},"inLanguage":"es","potentialAction":[{"@type":"ReadAction","target":["https:\/\/fabeventslab.com\/es\/contacto-organizacion-eventos-bodas-mallorca\/"]}]},{"@type":"BreadcrumbList","@id":"https:\/\/fabeventslab.com\/es\/contacto-organizacion-eventos-bodas-mallorca\/#breadcrumb","itemListElement":[{"@type":"ListItem","position":1,"name":"Home","item":"https:\/\/fabeventslab.com\/es\/"},{"@type":"ListItem","position":2,"name":"Contacto"}]},{"@type":"WebSite","@id":"https:\/\/fabeventslab.com\/#website","url":"https:\/\/fabeventslab.com\/","name":"FAB events LAB","description":"Wedding Planner in Mallorca","publisher":{"@id":"https:\/\/fabeventslab.com\/#organization"},"potentialAction":[{"@type":"SearchAction","target":{"@type":"EntryPoint","urlTemplate":"https:\/\/fabeventslab.com\/?s={search_term_string}"},"query-input":{"@type":"PropertyValueSpecification","valueRequired":true,"valueName":"search_term_string"}}],"inLanguage":"es"},{"@type":"Organization","@id":"https:\/\/fabeventslab.com\/#organization","name":"FAB events LAB Wedding Planner Mallorca","alternateName":"FAB events LAB","url":"https:\/\/fabeventslab.com\/","logo":{"@type":"ImageObject","inLanguage":"es","@id":"https:\/\/fabeventslab.com\/#\/schema\/logo\/image\/","url":"https:\/\/fabeventslab.com\/wp-content\/uploads\/2017\/05\/FAB-events-LAB-Wedding-Planner-Mallorca-3-Kopie.png","contentUrl":"https:\/\/fabeventslab.com\/wp-content\/uploads\/2017\/05\/FAB-events-LAB-Wedding-Planner-Mallorca-3-Kopie.png","width":"224","height":"220","caption":"FAB events LAB Wedding Planner Mallorca"},"image":{"@id":"https:\/\/fabeventslab.com\/#\/schema\/logo\/image\/"},"sameAs":["https:\/\/www.facebook.com\/event.wedding.planners.mallorca","https:\/\/x.com\/FABweddingsLAB","https:\/\/www.instagram.com\/fab_events_lab\/","https:\/\/www.linkedin.com\/company\/fab-events-lab","https:\/\/es.pinterest.com\/mallorcaevents\/","https:\/\/www.youtube.com\/channel\/UC-9PwyQerpHS3ULinxpawBA"]}]}},"_links":{"self":[{"href":"https:\/\/fabeventslab.com\/es\/wp-json\/wp\/v2\/pages\/386","targetHints":{"allow":["GET"]}}],"collection":[{"href":"https:\/\/fabeventslab.com\/es\/wp-json\/wp\/v2\/pages"}],"about":[{"href":"https:\/\/fabeventslab.com\/es\/wp-json\/wp\/v2\/types\/page"}],"author":[{"embeddable":true,"href":"https:\/\/fabeventslab.com\/es\/wp-json\/wp\/v2\/users\/3"}],"replies":[{"embeddable":true,"href":"https:\/\/fabeventslab.com\/es\/wp-json\/wp\/v2\/comments?post=386"}],"version-history":[{"count":3,"href":"https:\/\/fabeventslab.com\/es\/wp-json\/wp\/v2\/pages\/386\/revisions"}],"predecessor-version":[{"id":4810,"href":"https:\/\/fabeventslab.com\/es\/wp-json\/wp\/v2\/pages\/386\/revisions\/4810"}],"wp:attachment":[{"href":"https:\/\/fabeventslab.com\/es\/wp-json\/wp\/v2\/media?parent=386"}],"curies":[{"name":"wp","href":"https:\/\/api.w.org\/{rel}","templated":true}]}}